{"id":6884,"date":"2021-10-07T18:10:56","date_gmt":"2021-10-07T18:10:56","guid":{"rendered":"https:\/\/lospozosdelanieve.mediacom360.es\/histoire-et-patrimoine\/"},"modified":"2021-12-04T17:08:42","modified_gmt":"2021-12-04T17:08:42","slug":"histoire-et-patrimoine","status":"publish","type":"page","link":"https:\/\/lospozosdelanieve.com\/fr\/histoire-et-patrimoine\/","title":{"rendered":"Histoire et Patrimoine"},"content":{"rendered":"<p>[et_pb_section fb_built=&#8221;1&#8243; fullwidth=&#8221;on&#8221; _builder_version=&#8221;4.10.6&#8243; _module_preset=&#8221;default&#8221; global_colors_info=&#8221;{}&#8221;][et_pb_fullwidth_header title=&#8221;Histoire et Patrimoine&#8221; subhead=&#8221;Los Pozos de la Nieve, dont l&#8217;\u00e2ge est perdu dans le temps, \u00e9tait un b\u00e2timent industriel et fournisseur de glace de la ville de S\u00e9ville, \u00e0 laquelle il appartenait d\u00e9j\u00e0 au XVIIe si\u00e8cle, comme en t\u00e9moigne son spectaculaire bouclier sur la fa\u00e7ade. Cette construction a \u00e9t\u00e9 r\u00e9compens\u00e9e pour sa pr\u00e9cieuse r\u00e9cup\u00e9ration et restauration, par la Mairie de Constantina et EUROPA NOSTRA AWARDS 2006. Elle est situ\u00e9e dans une propri\u00e9t\u00e9 de soixante-dix mille m\u00e8tres carr\u00e9s, avec de magnifiques arbres indig\u00e8nes, au c\u0153ur de la Sierra Norte de Sevilla Natural Parc, R\u00e9serve de biosph\u00e8re de l&#8217;UNESCO.&#8221; _builder_version=&#8221;4.11.3&#8243; _module_preset=&#8221;default&#8221; background_color=&#8221;#bfa68e&#8221; global_colors_info=&#8221;{}&#8221;][\/et_pb_fullwidth_header][et_pb_fullwidth_slider _builder_version=&#8221;4.11.1&#8243; _module_preset=&#8221;default&#8221; background_enable_image=&#8221;off&#8221; animation_style=&#8221;fade&#8221; animation_delay=&#8221;100ms&#8221; auto=&#8221;on&#8221; global_colors_info=&#8221;{}&#8221;][et_pb_slide heading=&#8221;Los Pozos de La Nieve&#8221; button_link=&#8221;\/lospozosdelanieve3\/appartament-sol&#8221; use_text_overlay=&#8221;on&#8221; text_overlay_color=&#8221;rgba(191,166,142,0.31)&#8221; _builder_version=&#8221;4.11.1&#8243; _module_preset=&#8221;default&#8221; header_text_color=&#8221;#FFFFFF&#8221; body_text_color=&#8221;#FFFFFF&#8221; background_image=&#8221;https:\/\/lospozosdelanieve.com\/wp-content\/uploads\/2021\/10\/20201006-DJI_0170-HDR-facahada-principal-foto-dron_1901.jpg&#8221; background_enable_image=&#8221;on&#8221; custom_button=&#8221;on&#8221; button_text_size=&#8221;20px&#8221; button_text_color=&#8221;#FFFFFF&#8221; button_bg_color=&#8221;#000000&#8243; button_border_width=&#8221;3px&#8221; button_border_color=&#8221;#FFFFFF&#8221; button_border_radius=&#8221;9px&#8221; global_colors_info=&#8221;{}&#8221; sticky_transition=&#8221;on&#8221;]<\/p>\n<p>Cette construction a \u00e9t\u00e9 r\u00e9compens\u00e9e pour sa pr\u00e9cieuse r\u00e9cup\u00e9ration et restauration, par la Mairie de Constantina et EUROPA NOSTRA AWARDS 2006. Elle est situ\u00e9e dans une propri\u00e9t\u00e9 de soixante-dix mille m\u00e8tres carr\u00e9s, avec de magnifiques arbres indig\u00e8nes, au c\u0153ur de la Sierra Norte de Sevilla Natural Parc, R\u00e9serve de biosph\u00e8re de l&#8217;UNESCO.<\/p>\n<p>[\/et_pb_slide][et_pb_slide heading=&#8221;Fa\u00e7ade&#8221; button_link=&#8221;\/lospozosdelanieve3\/appartament-sol&#8221; use_text_overlay=&#8221;on&#8221; text_overlay_color=&#8221;rgba(191,166,142,0.31)&#8221; _builder_version=&#8221;4.11.1&#8243; _module_preset=&#8221;default&#8221; header_text_color=&#8221;#FFFFFF&#8221; body_text_color=&#8221;#FFFFFF&#8221; background_image=&#8221;https:\/\/lospozosdelanieve.com\/wp-content\/uploads\/2021\/10\/Escudo-Santa-Barbara.png&#8221; background_enable_image=&#8221;on&#8221; custom_button=&#8221;on&#8221; button_text_size=&#8221;20px&#8221; button_text_color=&#8221;#FFFFFF&#8221; button_bg_color=&#8221;#000000&#8243; button_border_width=&#8221;3px&#8221; button_border_color=&#8221;#FFFFFF&#8221; button_border_radius=&#8221;9px&#8221; global_colors_info=&#8221;{}&#8221; sticky_transition=&#8221;on&#8221;]<\/p>\n<p>La premi\u00e8re impression, principalement due \u00e0 la fa\u00e7ade, sugg\u00e8re qu&#8217;il s&#8217;agit d&#8217;un \u00e9difice religieux. Ce sentiment persiste une fois \u00e0 l&#8217;int\u00e9rieur et continue de d\u00e9router le visiteur novice qui, malgr\u00e9 les innombrables divisions de la propri\u00e9t\u00e9, observe une for\u00eat de piliers octogonaux qui soutiennent deux rang\u00e9es d&#8217;arcs au centre..<\/p>\n<p>Le rez-de-chauss\u00e9e est en r\u00e9alit\u00e9 de type basilical et rappelle en quelque sorte celui d&#8217;une \u00e9glise mud\u00e9jare quelque peu disproportionn\u00e9e. Cependant, ce n&#8217;est ni une \u00e9glise ni un couvent, mais une construction \u00e0 caract\u00e8re industriel, d&#8217;un int\u00e9r\u00eat historique et artistique incontestable. Il a \u00e9t\u00e9 construit presque enti\u00e8rement dans le dernier tiers du XVIIe si\u00e8cle, gr\u00e2ce \u00e0 un privil\u00e8ge accord\u00e9 par le roi Carlos II en 1684 comme indiqu\u00e9 sur la pierre comm\u00e9morative en marbre sur la fa\u00e7ade. Ce qui est curieux, c&#8217;est qu&#8217;il y a ici une survivance du style mud\u00e9jar qui a dur\u00e9 presque jusqu&#8217;au d\u00e9but du XVIIIe si\u00e8cle, comme le montrent bien les piliers et les arcs. Mais encore plus curieuse est la raison d&#8217;\u00eatre de ce grand b\u00e2timent qui a \u00e9t\u00e9 \u00e9rig\u00e9 pour prot\u00e9ger et mettre en service les deux puits qui s&#8217;y trouvent. \u00c0 Constantina, ils ont toujours \u00e9t\u00e9 connus sous le nom de Los Pozos de la Nieve et ils sont ant\u00e9rieurs au b\u00e2timent auquel ils portent leur nom. Ils appartenaient \u00e0 S\u00e9ville du XVIIe si\u00e8cle au milieu du XIXe si\u00e8cle, afin de fournir de la glace \u00e0 cette ville pendant les mois les plus chauds, bien que l&#8217;on sache qu&#8217;une partie minimale de la production est restait \u00e0 Constantina.<\/p>\n<p>[\/et_pb_slide][et_pb_slide heading=&#8221;Le b\u00e2timent&#8221; button_link=&#8221;\/lospozosdelanieve3\/appartament-sol&#8221; use_text_overlay=&#8221;on&#8221; text_overlay_color=&#8221;rgba(191,166,142,0.31)&#8221; _builder_version=&#8221;4.11.1&#8243; _module_preset=&#8221;default&#8221; header_text_color=&#8221;#FFFFFF&#8221; body_text_color=&#8221;#FFFFFF&#8221; background_image=&#8221;https:\/\/lospozosdelanieve.com\/wp-content\/uploads\/2021\/10\/20201006-DSC_6906-HDR_1618.jpg&#8221; background_enable_image=&#8221;on&#8221; custom_button=&#8221;on&#8221; button_text_size=&#8221;20px&#8221; button_text_color=&#8221;#FFFFFF&#8221; button_bg_color=&#8221;#000000&#8243; button_border_width=&#8221;3px&#8221; button_border_color=&#8221;#FFFFFF&#8221; button_border_radius=&#8221;9px&#8221; global_colors_info=&#8221;{}&#8221; sticky_transition=&#8221;on&#8221;]<\/p>\n<p>Le b\u00e2timent a ensuite \u00e9t\u00e9 utilis\u00e9 pour une grande vari\u00e9t\u00e9 d&#8217;utilisations, d&#8217;une poudri\u00e8re ou d&#8217;un entrep\u00f4t de quartier-ma\u00eetre \u00e0 une salle de s\u00e9chage pour les saucisses de Santa Barbara, une industrie de viande locale qui a fonctionn\u00e9 jusqu&#8217;\u00e0 la fin des ann\u00e9es soixante du XXe si\u00e8cle. De l\u00e0, le b\u00e2timent entre dans un \u00e9tat d&#8217;abandon pendant plus de trente ans.<br \/>L&#8217;aspect actuel du Pozos de la Nieve est une cons\u00e9quence des diverses modifications qu&#8217;il a subies pour s&#8217;adapter aux divers usage L&#8217;int\u00e9rieur, avec ses trois \u00e9tages, est un v\u00e9ritable labyrinthe de verticaux, d&#8217;horizontaux, de poutres en bois et en fer, de couloirs et de terrasses.<\/p>\n<p>[\/et_pb_slide][et_pb_slide heading=&#8221;Chapelle&#8221; button_link=&#8221;\/lospozosdelanieve3\/appartament-sol&#8221; use_text_overlay=&#8221;on&#8221; text_overlay_color=&#8221;rgba(191,166,142,0.31)&#8221; _builder_version=&#8221;4.11.1&#8243; _module_preset=&#8221;default&#8221; header_text_color=&#8221;#FFFFFF&#8221; body_text_color=&#8221;#FFFFFF&#8221; background_image=&#8221;https:\/\/lospozosdelanieve.com\/wp-content\/uploads\/2021\/10\/Los-Pozos-De-La-Nieve-Capilla-1_1920.jpg&#8221; background_enable_image=&#8221;on&#8221; custom_button=&#8221;on&#8221; button_text_size=&#8221;20px&#8221; button_text_color=&#8221;#FFFFFF&#8221; button_bg_color=&#8221;#000000&#8243; button_border_width=&#8221;3px&#8221; button_border_color=&#8221;#FFFFFF&#8221; button_border_radius=&#8221;9px&#8221; global_colors_info=&#8221;{}&#8221; sticky_transition=&#8221;on&#8221;]<\/p>\n<p>D&#8217;apr\u00e8s une bulle du pape Innocent XII, dat\u00e9e du 16 juin 1697, une chapelle, d\u00e9di\u00e9e \u00e0 la Vierge des Neiges, qui est encore conserv\u00e9e.<\/p>\n<p>[\/et_pb_slide][et_pb_slide heading=&#8221;Les puits&#8221; button_link=&#8221;\/lospozosdelanieve3\/appartament-sol&#8221; use_text_overlay=&#8221;on&#8221; text_overlay_color=&#8221;rgba(191,166,142,0.31)&#8221; _builder_version=&#8221;4.11.1&#8243; _module_preset=&#8221;default&#8221; header_text_color=&#8221;#FFFFFF&#8221; body_text_color=&#8221;#FFFFFF&#8221; background_image=&#8221;https:\/\/lospozosdelanieve.com\/wp-content\/uploads\/2021\/10\/DSC_2593-1_1618.jpg&#8221; background_enable_image=&#8221;on&#8221; custom_button=&#8221;on&#8221; button_text_size=&#8221;20px&#8221; button_text_color=&#8221;#FFFFFF&#8221; button_bg_color=&#8221;#000000&#8243; button_border_width=&#8221;3px&#8221; button_border_color=&#8221;#FFFFFF&#8221; button_border_radius=&#8221;9px&#8221; global_colors_info=&#8221;{}&#8221; sticky_transition=&#8221;on&#8221;]<\/p>\n<p>Nous savons d&#8217;une source de grand prestige, que dans ces puits, la neige qui \u00e9tait collect\u00e9e pendant l&#8217;hiver, \u00e9tait produite dans les r\u00e9servoirs, plus d&#8217;une centaine, existant \u00e0 proximit\u00e9. Cela est possible parce que les basses temp\u00e9ratures dans la r\u00e9gion ont gel\u00e9 les eaux stock\u00e9es. La glace \u00e9tait stock\u00e9e et conserv\u00e9e dans les deux puits larges et profonds qui existent encore. Les deux puits sont couverts de vo\u00fbtes en briques, r\u00e9alis\u00e9es entre 1760 et 1761, la plus grande ayant une profondeur d&#8217;environ 14 m\u00e8tres et la plus petite d&#8217;environ 8 m\u00e8tres.<\/p>\n<p>[\/et_pb_slide][\/et_pb_fullwidth_slider][\/et_pb_section][et_pb_section fb_built=&#8221;1&#8243; fullwidth=&#8221;on&#8221; module_id=&#8221;rv&#8221; _builder_version=&#8221;4.11.2&#8243; _module_preset=&#8221;default&#8221; global_colors_info=&#8221;{}&#8221;][et_pb_fullwidth_header title=&#8221;VUE DES PUITS EN R\u00c9ALIT\u00c9 VIRTUELLE&#8221; text_orientation=&#8221;center&#8221; _builder_version=&#8221;4.11.3&#8243; _module_preset=&#8221;default&#8221; background_color=&#8221;#bfa68e&#8221; custom_margin=&#8221;||0px||false|false&#8221; custom_padding=&#8221;0px||0px||true|false&#8221; global_colors_info=&#8221;{}&#8221;][\/et_pb_fullwidth_header][\/et_pb_section][et_pb_section fb_built=&#8221;1&#8243; _builder_version=&#8221;4.11.3&#8243; _module_preset=&#8221;default&#8221; global_colors_info=&#8221;{}&#8221;][et_pb_row _builder_version=&#8221;4.11.3&#8243; _module_preset=&#8221;default&#8221; global_colors_info=&#8221;{}&#8221;][et_pb_column type=&#8221;4_4&#8243; _builder_version=&#8221;4.11.3&#8243; _module_preset=&#8221;default&#8221; global_colors_info=&#8221;{}&#8221;][et_pb_code _builder_version=&#8221;4.11.3&#8243; _module_preset=&#8221;default&#8221; global_colors_info=&#8221;{}&#8221;]<iframe src='<!-- [et_pb_line_break_holder] -->https:\/\/los-pozos-de-la-nieve.s3.us-east-1.amazonaws.com\/webplayer360\/pozos\/index-fr.html<!-- [et_pb_line_break_holder] -->&#8216; frameborder=&#8217;0&#8242; allowfullscreen allow=&#8217;xr-spatial-tracking&#8217;<!-- [et_pb_line_break_holder] -->style=&#8221;height: 750px; width: 100%; box-shadow: 5px 5px 5px rgba(0,0,0,0.7), 5px 5px 25px rgba(0,0,0,0.4);&#8221;><!-- [et_pb_line_break_holder] --><\/iframe>[\/et_pb_code][\/et_pb_column][\/et_pb_row][\/et_pb_section][et_pb_section fb_built=&#8221;1&#8243; _builder_version=&#8221;4.10.6&#8243; _module_preset=&#8221;default&#8221; global_colors_info=&#8221;{}&#8221;][et_pb_row _builder_version=&#8221;4.10.6&#8243; _module_preset=&#8221;default&#8221; global_colors_info=&#8221;{}&#8221;][et_pb_column type=&#8221;4_4&#8243; _builder_version=&#8221;4.10.6&#8243; _module_preset=&#8221;default&#8221; global_colors_info=&#8221;{}&#8221;][et_pb_gallery gallery_ids=&#8221;6685,6412,6667,6694,6661,6670,6673,6688,6682,6700,6679,6703&#8243; posts_number=&#8221;12&#8243; show_title_and_caption=&#8221;off&#8221; show_pagination=&#8221;off&#8221; _builder_version=&#8221;4.11.1&#8243; _module_preset=&#8221;default&#8221; global_colors_info=&#8221;{}&#8221;][\/et_pb_gallery][et_pb_image src=&#8221;https:\/\/lospozosdelanieve.com\/wp-content\/uploads\/2021\/10\/1-fotogalery-108.jpg&#8221; title_text=&#8221;1 fotogalery 108&#8243; _builder_version=&#8221;4.11.1&#8243; _module_preset=&#8221;default&#8221; global_colors_info=&#8221;{}&#8221;][\/et_pb_image][\/et_pb_column][\/et_pb_row][\/et_pb_section]<\/p>\n","protected":false},"excerpt":{"rendered":"<p>Los Pozos de la Nieve, dont l&#8217;\u00e2ge est perdu dans le temps, \u00e9tait un b\u00e2timent industriel et fournisseur de glace de la ville de S\u00e9ville, \u00e0 laquelle il appartenait d\u00e9j\u00e0 au XVIIe si\u00e8cle, comme en t\u00e9moigne son spectaculaire bouclier sur la fa\u00e7ade.<\/p>\n","protected":false},"author":9,"featured_media":6493,"parent":0,"menu_order":0,"comment_status":"closed","ping_status":"closed","template":"","meta":{"_et_pb_use_builder":"on","_et_pb_old_content":"","_et_gb_content_width":"","footnotes":""},"class_list":["post-6884","page","type-page","status-publish","has-post-thumbnail","hentry"],"yoast_head":"<!-- This site is optimized with the Yoast SEO plugin v25.6 - https:\/\/yoast.com\/wordpress\/plugins\/seo\/ -->\n<title>Histoire et Patrimoine - Los Pozos de la Nieve<\/title>\n<meta name=\"robots\" content=\"index, follow, max-snippet:-1, max-image-preview:large, max-video-preview:-1\" \/>\n<link rel=\"canonical\" href=\"https:\/\/lospozosdelanieve.com\/en\/history-and-heritage\/\" \/>\n<meta property=\"og:locale\" content=\"fr_FR\" \/>\n<meta property=\"og:type\" content=\"article\" \/>\n<meta property=\"og:title\" content=\"Histoire et Patrimoine - Los Pozos de la Nieve\" \/>\n<meta property=\"og:description\" content=\"Los Pozos de la Nieve, dont l&#039;\u00e2ge est perdu dans le temps, \u00e9tait un b\u00e2timent industriel et fournisseur de glace de la ville de S\u00e9ville, \u00e0 laquelle il appartenait d\u00e9j\u00e0 au XVIIe si\u00e8cle, comme en t\u00e9moigne son spectaculaire bouclier sur la fa\u00e7ade.\" \/>\n<meta property=\"og:url\" content=\"https:\/\/lospozosdelanieve.com\/en\/history-and-heritage\/\" \/>\n<meta property=\"og:site_name\" content=\"Los Pozos de la Nieve\" \/>\n<meta property=\"article:publisher\" content=\"https:\/\/www.facebook.com\/lospozosdelanieveconstantina\" \/>\n<meta property=\"article:modified_time\" content=\"2021-12-04T17:08:42+00:00\" \/>\n<meta property=\"og:image\" content=\"https:\/\/lospozosdelanieve.com\/wp-content\/uploads\/2021\/10\/informacion-de-la-zona_1200.2.jpg\" \/>\n\t<meta property=\"og:image:width\" content=\"1199\" \/>\n\t<meta property=\"og:image:height\" content=\"900\" \/>\n\t<meta property=\"og:image:type\" content=\"image\/jpeg\" \/>\n<meta name=\"twitter:card\" content=\"summary_large_image\" \/>\n<meta name=\"twitter:label1\" content=\"Est. reading time\" \/>\n\t<meta name=\"twitter:data1\" content=\"6 minutes\" \/>\n<script type=\"application\/ld+json\" class=\"yoast-schema-graph\">{\"@context\":\"https:\/\/schema.org\",\"@graph\":[{\"@type\":\"WebPage\",\"@id\":\"https:\/\/lospozosdelanieve.com\/en\/history-and-heritage\/\",\"url\":\"https:\/\/lospozosdelanieve.com\/en\/history-and-heritage\/\",\"name\":\"Histoire et Patrimoine - Los Pozos de la Nieve\",\"isPartOf\":{\"@id\":\"https:\/\/lospozosdelanieve.com\/#website\"},\"primaryImageOfPage\":{\"@id\":\"https:\/\/lospozosdelanieve.com\/en\/history-and-heritage\/#primaryimage\"},\"image\":{\"@id\":\"https:\/\/lospozosdelanieve.com\/en\/history-and-heritage\/#primaryimage\"},\"thumbnailUrl\":\"https:\/\/lospozosdelanieve.com\/wp-content\/uploads\/2021\/10\/informacion-de-la-zona_1200.2.jpg\",\"datePublished\":\"2021-10-07T18:10:56+00:00\",\"dateModified\":\"2021-12-04T17:08:42+00:00\",\"breadcrumb\":{\"@id\":\"https:\/\/lospozosdelanieve.com\/en\/history-and-heritage\/#breadcrumb\"},\"inLanguage\":\"fr-FR\",\"potentialAction\":[{\"@type\":\"ReadAction\",\"target\":[\"https:\/\/lospozosdelanieve.com\/en\/history-and-heritage\/\"]}]},{\"@type\":\"ImageObject\",\"inLanguage\":\"fr-FR\",\"@id\":\"https:\/\/lospozosdelanieve.com\/en\/history-and-heritage\/#primaryimage\",\"url\":\"https:\/\/lospozosdelanieve.com\/wp-content\/uploads\/2021\/10\/informacion-de-la-zona_1200.2.jpg\",\"contentUrl\":\"https:\/\/lospozosdelanieve.com\/wp-content\/uploads\/2021\/10\/informacion-de-la-zona_1200.2.jpg\",\"width\":1199,\"height\":900},{\"@type\":\"BreadcrumbList\",\"@id\":\"https:\/\/lospozosdelanieve.com\/en\/history-and-heritage\/#breadcrumb\",\"itemListElement\":[{\"@type\":\"ListItem\",\"position\":1,\"name\":\"Portada\",\"item\":\"https:\/\/lospozosdelanieve.com\/fr\/debut\/\"},{\"@type\":\"ListItem\",\"position\":2,\"name\":\"Histoire et Patrimoine\"}]},{\"@type\":\"WebSite\",\"@id\":\"https:\/\/lospozosdelanieve.com\/#website\",\"url\":\"https:\/\/lospozosdelanieve.com\/\",\"name\":\"Los Pozos de la Nieve\",\"description\":\"Alojamiento Rural en Cosnstantina,  Sevilla\",\"publisher\":{\"@id\":\"https:\/\/lospozosdelanieve.com\/#organization\"},\"potentialAction\":[{\"@type\":\"SearchAction\",\"target\":{\"@type\":\"EntryPoint\",\"urlTemplate\":\"https:\/\/lospozosdelanieve.com\/?s={search_term_string}\"},\"query-input\":{\"@type\":\"PropertyValueSpecification\",\"valueRequired\":true,\"valueName\":\"search_term_string\"}}],\"inLanguage\":\"fr-FR\"},{\"@type\":\"Organization\",\"@id\":\"https:\/\/lospozosdelanieve.com\/#organization\",\"name\":\"Los Pozos de la Nieve\",\"url\":\"https:\/\/lospozosdelanieve.com\/\",\"logo\":{\"@type\":\"ImageObject\",\"inLanguage\":\"fr-FR\",\"@id\":\"https:\/\/lospozosdelanieve.com\/#\/schema\/logo\/image\/\",\"url\":\"https:\/\/lospozosdelanieve.com\/wp-content\/uploads\/2021\/09\/logo-Los-Pozos-contrast-rijk.jpg\",\"contentUrl\":\"https:\/\/lospozosdelanieve.com\/wp-content\/uploads\/2021\/09\/logo-Los-Pozos-contrast-rijk.jpg\",\"width\":741,\"height\":390,\"caption\":\"Los Pozos de la Nieve\"},\"image\":{\"@id\":\"https:\/\/lospozosdelanieve.com\/#\/schema\/logo\/image\/\"},\"sameAs\":[\"https:\/\/www.facebook.com\/lospozosdelanieveconstantina\",\"https:\/\/www.instagram.com\/lospozosdelanieve\/\"]}]}<\/script>\n<!-- \/ Yoast SEO plugin. -->","yoast_head_json":{"title":"Histoire et Patrimoine - Los Pozos de la Nieve","robots":{"index":"index","follow":"follow","max-snippet":"max-snippet:-1","max-image-preview":"max-image-preview:large","max-video-preview":"max-video-preview:-1"},"canonical":"https:\/\/lospozosdelanieve.com\/en\/history-and-heritage\/","og_locale":"fr_FR","og_type":"article","og_title":"Histoire et Patrimoine - Los Pozos de la Nieve","og_description":"Los Pozos de la Nieve, dont l'\u00e2ge est perdu dans le temps, \u00e9tait un b\u00e2timent industriel et fournisseur de glace de la ville de S\u00e9ville, \u00e0 laquelle il appartenait d\u00e9j\u00e0 au XVIIe si\u00e8cle, comme en t\u00e9moigne son spectaculaire bouclier sur la fa\u00e7ade.","og_url":"https:\/\/lospozosdelanieve.com\/en\/history-and-heritage\/","og_site_name":"Los Pozos de la Nieve","article_publisher":"https:\/\/www.facebook.com\/lospozosdelanieveconstantina","article_modified_time":"2021-12-04T17:08:42+00:00","og_image":[{"width":1199,"height":900,"url":"https:\/\/lospozosdelanieve.com\/wp-content\/uploads\/2021\/10\/informacion-de-la-zona_1200.2.jpg","type":"image\/jpeg"}],"twitter_card":"summary_large_image","twitter_misc":{"Est. reading time":"6 minutes"},"schema":{"@context":"https:\/\/schema.org","@graph":[{"@type":"WebPage","@id":"https:\/\/lospozosdelanieve.com\/en\/history-and-heritage\/","url":"https:\/\/lospozosdelanieve.com\/en\/history-and-heritage\/","name":"Histoire et Patrimoine - Los Pozos de la Nieve","isPartOf":{"@id":"https:\/\/lospozosdelanieve.com\/#website"},"primaryImageOfPage":{"@id":"https:\/\/lospozosdelanieve.com\/en\/history-and-heritage\/#primaryimage"},"image":{"@id":"https:\/\/lospozosdelanieve.com\/en\/history-and-heritage\/#primaryimage"},"thumbnailUrl":"https:\/\/lospozosdelanieve.com\/wp-content\/uploads\/2021\/10\/informacion-de-la-zona_1200.2.jpg","datePublished":"2021-10-07T18:10:56+00:00","dateModified":"2021-12-04T17:08:42+00:00","breadcrumb":{"@id":"https:\/\/lospozosdelanieve.com\/en\/history-and-heritage\/#breadcrumb"},"inLanguage":"fr-FR","potentialAction":[{"@type":"ReadAction","target":["https:\/\/lospozosdelanieve.com\/en\/history-and-heritage\/"]}]},{"@type":"ImageObject","inLanguage":"fr-FR","@id":"https:\/\/lospozosdelanieve.com\/en\/history-and-heritage\/#primaryimage","url":"https:\/\/lospozosdelanieve.com\/wp-content\/uploads\/2021\/10\/informacion-de-la-zona_1200.2.jpg","contentUrl":"https:\/\/lospozosdelanieve.com\/wp-content\/uploads\/2021\/10\/informacion-de-la-zona_1200.2.jpg","width":1199,"height":900},{"@type":"BreadcrumbList","@id":"https:\/\/lospozosdelanieve.com\/en\/history-and-heritage\/#breadcrumb","itemListElement":[{"@type":"ListItem","position":1,"name":"Portada","item":"https:\/\/lospozosdelanieve.com\/fr\/debut\/"},{"@type":"ListItem","position":2,"name":"Histoire et Patrimoine"}]},{"@type":"WebSite","@id":"https:\/\/lospozosdelanieve.com\/#website","url":"https:\/\/lospozosdelanieve.com\/","name":"Los Pozos de la Nieve","description":"Alojamiento Rural en Cosnstantina,  Sevilla","publisher":{"@id":"https:\/\/lospozosdelanieve.com\/#organization"},"potentialAction":[{"@type":"SearchAction","target":{"@type":"EntryPoint","urlTemplate":"https:\/\/lospozosdelanieve.com\/?s={search_term_string}"},"query-input":{"@type":"PropertyValueSpecification","valueRequired":true,"valueName":"search_term_string"}}],"inLanguage":"fr-FR"},{"@type":"Organization","@id":"https:\/\/lospozosdelanieve.com\/#organization","name":"Los Pozos de la Nieve","url":"https:\/\/lospozosdelanieve.com\/","logo":{"@type":"ImageObject","inLanguage":"fr-FR","@id":"https:\/\/lospozosdelanieve.com\/#\/schema\/logo\/image\/","url":"https:\/\/lospozosdelanieve.com\/wp-content\/uploads\/2021\/09\/logo-Los-Pozos-contrast-rijk.jpg","contentUrl":"https:\/\/lospozosdelanieve.com\/wp-content\/uploads\/2021\/09\/logo-Los-Pozos-contrast-rijk.jpg","width":741,"height":390,"caption":"Los Pozos de la Nieve"},"image":{"@id":"https:\/\/lospozosdelanieve.com\/#\/schema\/logo\/image\/"},"sameAs":["https:\/\/www.facebook.com\/lospozosdelanieveconstantina","https:\/\/www.instagram.com\/lospozosdelanieve\/"]}]}},"_links":{"self":[{"href":"https:\/\/lospozosdelanieve.com\/fr\/wp-json\/wp\/v2\/pages\/6884"}],"collection":[{"href":"https:\/\/lospozosdelanieve.com\/fr\/wp-json\/wp\/v2\/pages"}],"about":[{"href":"https:\/\/lospozosdelanieve.com\/fr\/wp-json\/wp\/v2\/types\/page"}],"author":[{"embeddable":true,"href":"https:\/\/lospozosdelanieve.com\/fr\/wp-json\/wp\/v2\/users\/9"}],"replies":[{"embeddable":true,"href":"https:\/\/lospozosdelanieve.com\/fr\/wp-json\/wp\/v2\/comments?post=6884"}],"version-history":[{"count":15,"href":"https:\/\/lospozosdelanieve.com\/fr\/wp-json\/wp\/v2\/pages\/6884\/revisions"}],"predecessor-version":[{"id":8671,"href":"https:\/\/lospozosdelanieve.com\/fr\/wp-json\/wp\/v2\/pages\/6884\/revisions\/8671"}],"wp:featuredmedia":[{"embeddable":true,"href":"https:\/\/lospozosdelanieve.com\/fr\/wp-json\/wp\/v2\/media\/6493"}],"wp:attachment":[{"href":"https:\/\/lospozosdelanieve.com\/fr\/wp-json\/wp\/v2\/media?parent=6884"}],"curies":[{"name":"wp","href":"https:\/\/api.w.org\/{rel}","templated":true}]}}